{"id":1082,"date":"2019-05-18T19:31:01","date_gmt":"2019-05-18T08:31:01","guid":{"rendered":"http:\/\/douleur.nc\/?page_id=1082"},"modified":"2022-09-04T09:46:58","modified_gmt":"2022-09-03T22:46:58","slug":"humour","status":"publish","type":"page","link":"https:\/\/douleur.nc\/en\/biblio\/humour\/","title":{"rendered":"Un coup de coeur"},"content":{"rendered":"<div class=\"wp-block-image\">\n<figure class=\"alignleft is-resized\"><img decoding=\"async\" src=\"http:\/\/douleur.nc\/wp-content\/uploads\/2019\/02\/Douleur-logo.png\" alt=\"\" class=\"wp-image-658\" width=\"201\" height=\"137\"\/><\/figure>\n<\/div>\n\n\n<p>\u00ab <strong><a href=\"https:\/\/www.youtube.com\/watch?v=o7-D4iagd5k\">\u00catre libre, le grand chantier de l\u2019existence<\/a> <\/strong>\u00bb, une conf\u00e9rence de Matthieu Ricard, Alexandre Jollien et Christophe Andr\u00e9 enregistr\u00e9e au Palais des Congr\u00e8s de Paris le 1er f\u00e9vrier 2019.<\/p>\n\n\n\n<p>Un psychiatre, un philosophe et un moine bouddhiste. Ils sont amis dans la vie. De cette amiti\u00e9, de leurs discussions et de leur souci d\u2019aider les autres \u00e0 mieux vivre est n\u00e9 un premier livre en janvier 2016 :&nbsp;<a rel=\"noreferrer noopener\" href=\"https:\/\/www.matthieuricard.org\/books\/trois-amis-en-quete-de-sagesse\" target=\"_blank\">Trois amis en qu\u00eate de sagesse<\/a>, dans lequel ils voulaient transmettre l\u2019essentiel de ce qu\u2019ils ont appris.<\/p>\n\n\n\n<p>Un an apr\u00e8s la sortie de ce best-seller, un nouveau livre a vu le jour sur ce grand chantier de l\u2019existence qu\u2019est la libert\u00e9 . <a href=\"https:\/\/www.youtube.com\/watch?v=o7-D4iagd5k\">Vid\u00e9o d&rsquo;une conf\u00e9rence<\/a><\/p>\n\n\n\n<p><strong>Pourquoi la libert\u00e9 ?<\/strong><\/p>\n\n\n<div class=\"wp-block-image\">\n<figure class=\"alignright is-resized\"><img fetchpriority=\"high\" decoding=\"async\" src=\"http:\/\/douleur.nc\/wp-content\/uploads\/2020\/05\/Unknown.jpeg\" alt=\"\" class=\"wp-image-1895\" width=\"341\" height=\"255\"\/><\/figure>\n<\/div>\n\n\n<p class=\"has-text-align-left\">Parce que, depuis l\u2019enfance, nous sommes prisonniers de normes, de pr\u00e9jug\u00e9s, d\u2019automatismes et d\u2019addictions qui nous emp\u00eachent d\u2019\u00eatre heureux. Parfois, nous sommes nous\u2013m\u00eames les artisans de ces barreaux invisibles, et parfois, c\u2019est la soci\u00e9t\u00e9 de la performance et de la consommation ou encore le qu\u2019en dira-t-on qui nous conditionnent.Dans cette conf\u00e9rence, nos trois amis nous proposeront un chemin m\u00e9thodique pour sortir de nos prisons int\u00e9rieures, nous rapprocher des autres et b\u00e2tir un nouvel art de vivre.<\/p>","protected":false},"excerpt":{"rendered":"<p>\u00ab \u00catre libre, le grand chantier de l\u2019existence \u00bb, une conf\u00e9rence de Matthieu Ricard, Alexandre Jollien et Christophe Andr\u00e9 enregistr\u00e9e au Palais des Congr\u00e8s de Paris le 1er f\u00e9vrier 2019. Un psychiatre, un philosophe et un moine bouddhiste. Ils sont &hellip; <a href=\"https:\/\/douleur.nc\/en\/biblio\/humour\/\">Continue reading <span class=\"meta-nav\">&rarr;<\/span><\/a><\/p>","protected":false},"author":2,"featured_media":0,"parent":1198,"menu_order":1,"comment_status":"closed","ping_status":"closed","template":"","meta":{"footnotes":""},"class_list":["post-1082","page","type-page","status-publish","hentry"],"_links":{"self":[{"href":"https:\/\/douleur.nc\/en\/wp-json\/wp\/v2\/pages\/1082","targetHints":{"allow":["GET"]}}],"collection":[{"href":"https:\/\/douleur.nc\/en\/wp-json\/wp\/v2\/pages"}],"about":[{"href":"https:\/\/douleur.nc\/en\/wp-json\/wp\/v2\/types\/page"}],"author":[{"embeddable":true,"href":"https:\/\/douleur.nc\/en\/wp-json\/wp\/v2\/users\/2"}],"replies":[{"embeddable":true,"href":"https:\/\/douleur.nc\/en\/wp-json\/wp\/v2\/comments?post=1082"}],"version-history":[{"count":45,"href":"https:\/\/douleur.nc\/en\/wp-json\/wp\/v2\/pages\/1082\/revisions"}],"predecessor-version":[{"id":2716,"href":"https:\/\/douleur.nc\/en\/wp-json\/wp\/v2\/pages\/1082\/revisions\/2716"}],"up":[{"embeddable":true,"href":"https:\/\/douleur.nc\/en\/wp-json\/wp\/v2\/pages\/1198"}],"wp:attachment":[{"href":"https:\/\/douleur.nc\/en\/wp-json\/wp\/v2\/media?parent=1082"}],"curies":[{"name":"wp","href":"https:\/\/api.w.org\/{rel}","templated":true}]}}