{"id":1166,"date":"2019-05-21T17:37:08","date_gmt":"2019-05-21T06:37:08","guid":{"rendered":"http:\/\/douleur.nc\/?page_id=1166"},"modified":"2020-11-20T06:06:41","modified_gmt":"2020-11-19T19:06:41","slug":"soiree-du-5-dec-2018","status":"publish","type":"page","link":"http:\/\/douleur.nc\/en\/evenements\/2018-2\/2018-2\/soiree-du-5-dec-2018\/","title":{"rendered":"Douleur morale en victimologie"},"content":{"rendered":"<p><strong> Soir\u00e9e du 5 d\u00e9cembre&nbsp;2018<\/strong><\/p>\n\n\n\n<div class=\"wp-block-image\"><figure class=\"alignleft is-resized\"><img decoding=\"async\" src=\"http:\/\/douleur.nc\/wp-content\/uploads\/2019\/02\/Douleur-logo.png\" alt=\"\" class=\"wp-image-658\" width=\"197\" height=\"135\"\/><\/figure><\/div>\n\n\n\n<p>\u00ab\u00a0Le 5 d\u00e9cembre 2018 l\u2019association de douleur NC s\u2019est r\u00e9unie pour la derni\u00e8re fois de l\u2019ann\u00e9e lors d\u2019 une soir\u00e9e m\u00e9dicale. Cette soir\u00e9e tr\u00e8s r\u00e9ussie \u00e0 pu \u00eatre r\u00e9alis\u00e9e gr\u00e2ce au soutien du Laboratoire Pierre Fabre m\u00e9dicament avec notamment la participation de <strong>Madame Dani\u00e8le MOREAU<\/strong>. Nous sommes tr\u00e8s contents de la r\u00e9ussite de cette soir\u00e9e puisque il s\u2019agissait de la derni\u00e8re soir\u00e9e organis\u00e9e par Madame Moreau avant son d\u00e9part \u00e0 la retraite et nous la remercions tr\u00e8s chaleureusement.<\/p>\n\n\n\n<p>Deux orateurs de tr\u00e8s grande qualit\u00e9 \u00e9tait \u00e0 l\u2019honneur cette soir\u00e9e et nous ont fait l\u2019extr\u00eame gentillesse de nous pr\u00e9senter des topo sur la th\u00e9matique : \u00ab Impact du traumatisme sur la douleur morale en victimologie \u00bb<\/p>\n\n\n\n<p>Tout d\u2019abord un premier topo tr\u00e8s humaniste par le <strong>Docteur Anne-Marie MESTRE<\/strong> qui est pr\u00e9sidente de l\u2019association \u00ab\u00a0SOS violences sexuelles\u00a0\u00bb a permis de faire un panorama des violences notamment faites aux femmes sur le territoire de la nouvelle Cal\u00e9donie. A cette occasion on retiendra que les femmes mineures sont essentiellement victimes de violence faites aux femmes sur notre territoire. Le recensement fait ces derni\u00e8res ann\u00e9es montre que les violences faites aux femmes peuvent s\u2019\u00e9tendre depuis le 18\u00e8 mois de vie jusqu\u2019\u00e0 l\u2019\u00e2ge de 87 ans il est int\u00e9ressant de noter \u00e9galement qu\u2019il n\u2019y a pas de pr\u00e9dominance ethnique ou de milieu social. <\/p>\n\n\n\n<p>Ensuite, le Docteur Mestre insiste sur le fait que les victime de violence physique sont l\u2019objet d\u2019une double peine&nbsp;: tout d\u2019abord l\u2019effet des violences par elles-m\u00eames et ensuite les cons\u00e9quences de la r\u00e9v\u00e9lation de ces faits. <\/p>\n\n\n\n<p>La reconnaissance par la soci\u00e9t\u00e9 de cet \u00e9tat de victime est un point crucial pour la personne victime de violence. Il est donc indispensable que l\u2019on arrive \u00e0 r\u00e9aliser un d\u00e9p\u00f4t de plainte au commissariat de police ou \u00e0 la gendarmerie. La main courante quant \u00e0 elle n\u2019a aucune valeur l\u00e9gale dans ce contexte. En cas de refus des forces de l\u2019ordre de prendre cette plainte il y a toujours la possibilit\u00e9 de saisir le procureur de la r\u00e9publique directement. Pour les mineurs le signalement peut se faire par le m\u00e9decin ou l\u2019\u00e9quipe m\u00e9dicale&nbsp;: il s\u2019agit d\u2019une d\u00e9rogation au secret m\u00e9dical. En revanche pour les majeurs le signalement doit \u00eatre fait uniquement par la personne (si elle est majeur et saine d\u2019esprit et en capacit\u00e9 de communiquer). Le m\u00e9decin ou professionnel de sant\u00e9 lui-m\u00eame ne doit en aucun cas faire de signalement d\u2019une personne majeure sous peine de poursuite judiciaire mais avant tout ordinale.&nbsp; Il convient donc lorsqu\u2019un praticien identifie une personne victime de violence qui est majeure de convaincre celle-ci par tous les moyens d\u2019aller porter plainte aux autorit\u00e9s. L\u2019association SOS violentes sexuelles peut \u00eatre jointe au num\u00e9ro suivant 05 11 11 pendant les heures ouvrables. Cette association peut \u00eatre un partenaire pour aider au signalement par la personne victime de violence.<\/p>\n\n\n\n<p>Il y a \u00e9galement chez ces personnes une grande souffrance psychologique&nbsp;; une culpabilit\u00e9, notamment si les victime \u00e9taient alcoolis\u00e9s ou si ce sont des enfants.<\/p>\n\n\n\n<p>Enfin le Docteur Mestre insiste pour dire que paradoxalement dans la prise en charge ne faudra pas renforcer la victimisation de la personne afin que celle-ci puisse arriver \u00e0 une phase de r\u00e9silience&nbsp;: il ne faudra pas favoriser trop l\u2019assistanat essayer au maximum de rendre la victime active dans sa prise en charge une fois l\u2019\u00e9pisode de stupeur pass\u00e9e.<\/p>\n\n\n\n<p>Ensuite le <strong>Professeur Eric BACCINO<\/strong> qui \u00e9tait sur le territoire pour faire la formation de capacit\u00e9 de m\u00e9decine l\u00e9gale pour les m\u00e9decins cal\u00e9doniens nous a fait l\u2019honneur de nous pr\u00e9senter une conf\u00e9rence sur la douleur morale et les agressions sexuelles chez les femmes.<\/p>\n\n\n\n<p>Tout d\u2019abord un rappel&nbsp;: les violences physiques toutes nature confondues sont de 2,5% par an chez les femmes&nbsp;; les rapports sexuels non consentant sont d\u2019environ 1% chez les femmes. Les femmes sont \u00e9galement victime de violence psychologique. Enfin les violences sexuelles peuvent conduire \u00e0 une souffrance morale. Cette souffrance morale est en partie li\u00e9e \u00e0 la non reconnaissance de l\u2019acte de violence par la soci\u00e9t\u00e9 par les soignants. il existe \u00e9galement un sentiment d\u2019injustice notamment lorsque le coupable de violences reste impuni Enfin il y a un sentiment d\u2019impuissance personnelle et sociale face \u00e0 la violence cr\u00e9\u00e9e et les cons\u00e9quences qui en d\u00e9coulent.<\/p>\n\n\n\n<p>Ensuite le Professeur Baccino nous a parl\u00e9 longuement du certificat d\u2019ITT&nbsp;: la dichotomie entre l\u2019ITT de moins de 8 jours de plus de 8 jours qui permettra de transformer une contravention en d\u00e9lit est une sp\u00e9cificit\u00e9 Fran\u00e7aise. Il ne faut pas n\u00e9cessairement tenir compte de ces dur\u00e9es puisque lors d\u2019une violence physique fait aux femmes ou aux enfants il s\u2019agit dans tous les cas d\u2019un d\u00e9lit quelque soit la dur\u00e9e de l\u2019ITT. Nous avons donc recommand\u00e9 de bien r\u00e9diger le certificat d\u2019ITT en fonction des l\u00e9sions observ\u00e9es et non pas du contexte, ceci pouvant mettre en p\u00e9ril le m\u00e9decin signataire du certificat. Il nous a rappel\u00e9 que, pour sch\u00e9matiser, la dur\u00e9e d\u2019ITT est la dur\u00e9e pour laquelle on ne peut pas vivre tout seul ( s\u2019alimenter s\u2019habiller faire les soins d\u2019hygi\u00e8ne primordiale). Le certificat d\u2019ITT sera au mieux r\u00e9dig\u00e9 par un m\u00e9decin de m\u00e9decine l\u00e9gale<\/p>\n\n\n\n<p>Puis le Professeur Baccino nous a parl\u00e9 de l\u2019indemnisation&nbsp;: bien entendu les l\u00e9sions physique mais \u00e9galement depuis 2007 la souffrance psychique est quantifiable. Il existe des bar\u00e8mes reproductibles pour l\u2019indemnisation de la souffrance psychique<\/p>\n\n\n\n<p>Enfin le Professeur Baccino a conclu en disant que le signalement \u00e9tait primordial. Il a rappel\u00e9 le fait que le signalement pour un majeur doit \u00eatre fait par la personne elle-m\u00eame le m\u00e9decin doit donc s\u2019efforcer de convaincre le patient de signaler lui-m\u00eame aux autorit\u00e9s l\u2019agression dont il a \u00e9t\u00e9 victime&nbsp;: cela est indispensable car en cas de violences faites aux femmes la r\u00e9cidive est la r\u00e8gle est les actes r\u00e9p\u00e9t\u00e9s seront de plus en plus violents et pourront conduire \u00e0 la mort. &nbsp;On retiendra le chiffre de 121 d\u00e9c\u00e8s par an en France. Le Professeur Baccino insiste beaucoup sur le fait que ce chiffre de 121 d\u00e9c\u00e8s par an est issu des d\u00e9clarations des certificat de d\u00e9c\u00e8s et est tr\u00e8s en de\u00e7\u00e0 de la r\u00e9alit\u00e9&nbsp;: la r\u00e9alit\u00e9 \u00e9tant probablement six fois plus au minimum.<\/p>\n\n\n\n<p>Il reste \u00e0 remercier le laboratoire Pierre Fabre une fois de plus pour avoir permis de r\u00e9aliser cette tr\u00e8s belle soir\u00e9e ainsi que nos deux orateurs le Docteur Anne-Marie Mestre pour l\u2019association et SOS violences sexuelles et le Professeur Eric Baccino, m\u00e9decin l\u00e9giste du CHU de Montpellier. Nous remercions \u00e9galement le bureau de l\u2019Association Douleur NC qui est toujours tr\u00e8s actif pour permettre la r\u00e9alisation de ce type de soir\u00e9es et d\u2019autres \u00e9v\u00e9nements et nous vous donnons rendez-vous l\u2019ann\u00e9e prochaine pour de prochaine soir\u00e9es et de prochains travaux th\u00e9matiques autour de la prise en charge de la douleur Nouvelle-Cal\u00e9donie. Bonne fin d\u2019ann\u00e9e \u00e0 tous, passez de bonnes f\u00eates et \u00e0 l\u2019ann\u00e9e prochaine.&nbsp;\u00bb<\/p>\n\n\n\n<table class=\"wp-block-table\"><tbody><tr><td><em>Dr Luc&nbsp;BRUN&nbsp;<\/em><\/td><\/tr><tr><\/tr><\/tbody><\/table>","protected":false},"excerpt":{"rendered":"<p>Soir\u00e9e du 5 d\u00e9cembre&nbsp;2018 \u00ab\u00a0Le 5 d\u00e9cembre 2018 l\u2019association de douleur NC s\u2019est r\u00e9unie pour la derni\u00e8re fois de l\u2019ann\u00e9e lors d\u2019 une soir\u00e9e m\u00e9dicale. Cette soir\u00e9e tr\u00e8s r\u00e9ussie \u00e0 pu \u00eatre r\u00e9alis\u00e9e gr\u00e2ce au soutien du Laboratoire Pierre Fabre &hellip; <a href=\"http:\/\/douleur.nc\/en\/evenements\/2018-2\/2018-2\/soiree-du-5-dec-2018\/\">Continue reading <span class=\"meta-nav\">&rarr;<\/span><\/a><\/p>","protected":false},"author":2,"featured_media":0,"parent":2004,"menu_order":1,"comment_status":"closed","ping_status":"closed","template":"","meta":{"footnotes":""},"class_list":["post-1166","page","type-page","status-publish","hentry"],"_links":{"self":[{"href":"http:\/\/douleur.nc\/en\/wp-json\/wp\/v2\/pages\/1166","targetHints":{"allow":["GET"]}}],"collection":[{"href":"http:\/\/douleur.nc\/en\/wp-json\/wp\/v2\/pages"}],"about":[{"href":"http:\/\/douleur.nc\/en\/wp-json\/wp\/v2\/types\/page"}],"author":[{"embeddable":true,"href":"http:\/\/douleur.nc\/en\/wp-json\/wp\/v2\/users\/2"}],"replies":[{"embeddable":true,"href":"http:\/\/douleur.nc\/en\/wp-json\/wp\/v2\/comments?post=1166"}],"version-history":[{"count":11,"href":"http:\/\/douleur.nc\/en\/wp-json\/wp\/v2\/pages\/1166\/revisions"}],"predecessor-version":[{"id":2035,"href":"http:\/\/douleur.nc\/en\/wp-json\/wp\/v2\/pages\/1166\/revisions\/2035"}],"up":[{"embeddable":true,"href":"http:\/\/douleur.nc\/en\/wp-json\/wp\/v2\/pages\/2004"}],"wp:attachment":[{"href":"http:\/\/douleur.nc\/en\/wp-json\/wp\/v2\/media?parent=1166"}],"curies":[{"name":"wp","href":"https:\/\/api.w.org\/{rel}","templated":true}]}}